{"id":16,"date":"2015-10-20T10:14:27","date_gmt":"2015-10-20T10:14:27","guid":{"rendered":"http:\/\/www.midsummeropera.org.uk\/site\/?page_id=16"},"modified":"2025-09-05T15:44:56","modified_gmt":"2025-09-05T15:44:56","slug":"past-performances","status":"publish","type":"page","link":"http:\/\/www.midsummeropera.org.uk\/site\/past-performances\/","title":{"rendered":"PAST PERFORMANCES"},"content":{"rendered":"\n<figure class=\"wp-block-gallery has-nested-images columns-default is-cropped wp-block-gallery-1 is-layout-flex wp-block-gallery-is-layout-flex\">\n<figure class=\"wp-block-image size-large\"><img loading=\"lazy\" decoding=\"async\" width=\"1024\" height=\"682\" data-id=\"188\" src=\"http:\/\/www.midsummeropera.org.uk\/site\/wp-content\/uploads\/2019\/09\/l-miller-midsummer-023-1024x682.jpg\" alt=\"\" class=\"wp-image-188\" srcset=\"http:\/\/www.midsummeropera.org.uk\/site\/wp-content\/uploads\/2019\/09\/l-miller-midsummer-023-1024x682.jpg 1024w, http:\/\/www.midsummeropera.org.uk\/site\/wp-content\/uploads\/2019\/09\/l-miller-midsummer-023-300x200.jpg 300w, http:\/\/www.midsummeropera.org.uk\/site\/wp-content\/uploads\/2019\/09\/l-miller-midsummer-023-768x512.jpg 768w, http:\/\/www.midsummeropera.org.uk\/site\/wp-content\/uploads\/2019\/09\/l-miller-midsummer-023.jpg 1732w\" sizes=\"auto, (max-width: 1024px) 100vw, 1024px\" \/><\/figure>\n\n\n\n<figure class=\"wp-block-image size-large\"><img loading=\"lazy\" decoding=\"async\" width=\"1024\" height=\"682\" data-id=\"194\" src=\"http:\/\/www.midsummeropera.org.uk\/site\/wp-content\/uploads\/2019\/09\/macbeth-100-1024x682.jpg\" alt=\"\" class=\"wp-image-194\" srcset=\"http:\/\/www.midsummeropera.org.uk\/site\/wp-content\/uploads\/2019\/09\/macbeth-100-1024x682.jpg 1024w, http:\/\/www.midsummeropera.org.uk\/site\/wp-content\/uploads\/2019\/09\/macbeth-100-300x200.jpg 300w, http:\/\/www.midsummeropera.org.uk\/site\/wp-content\/uploads\/2019\/09\/macbeth-100-768x512.jpg 768w, http:\/\/www.midsummeropera.org.uk\/site\/wp-content\/uploads\/2019\/09\/macbeth-100.jpg 1732w\" sizes=\"auto, (max-width: 1024px) 100vw, 1024px\" \/><\/figure>\n\n\n\n<figure class=\"wp-block-image size-large\"><img loading=\"lazy\" decoding=\"async\" width=\"1024\" height=\"683\" data-id=\"191\" src=\"http:\/\/www.midsummeropera.org.uk\/site\/wp-content\/uploads\/2019\/09\/l-miller-midsummer-085-1024x683.jpg\" alt=\"\" class=\"wp-image-191\" srcset=\"http:\/\/www.midsummeropera.org.uk\/site\/wp-content\/uploads\/2019\/09\/l-miller-midsummer-085-1024x683.jpg 1024w, http:\/\/www.midsummeropera.org.uk\/site\/wp-content\/uploads\/2019\/09\/l-miller-midsummer-085-300x200.jpg 300w, http:\/\/www.midsummeropera.org.uk\/site\/wp-content\/uploads\/2019\/09\/l-miller-midsummer-085-768x512.jpg 768w\" sizes=\"auto, (max-width: 1024px) 100vw, 1024px\" \/><\/figure>\n<\/figure>\n\n\n\n<h2 class=\"wp-block-heading\"><em>CONCERTS<\/em>&nbsp;&amp;&nbsp;<em>OPERAS<\/em><\/h2>\n\n\n\n<p id=\"block-40262797-3e70-42d3-8e62-ddacabdc0ff9\"><strong>Artistic Director &amp; Conductor:  David Roblou<\/strong>  \/\/ <strong> Chorus Master:  John Upperton<\/strong><\/p>\n\n\n\n<p><strong>Stage direction:  <\/strong>Seasons 1-14 <strong>Alan Privett<\/strong>. Seasons 15-29 and 37-present <strong>John Upperton<\/strong>.<\/p>\n\n\n\n<p>Seasons 30-36 <strong>Lynne McAdam<\/strong>.<\/p>\n\n\n\n<p><strong>40th Season<\/strong><\/p>\n\n\n\n<p>November 2025  <strong>Poulenc:  <em>La voix humaine <\/em><\/strong><\/p>\n\n\n\n<p>Sophie Boyer<\/p>\n\n\n\n<p>   <strong>Leoncavallo:  <\/strong><em><strong>Pagliacci<\/strong><\/em><\/p>\n\n\n\n<p>John Upperton, Nicola Ihnatowicz, Nick Marsden, Ben Watkins, Paul Blundell<\/p>\n\n\n\n<p><strong>39th Season<\/strong><\/p>\n\n\n\n<p>March 2025  <strong>Tchaikovsky:  <em>The Queen of Spades<\/em><\/strong> in English translation &#8211; in concert (StJW)<\/p>\n\n\n\n<p>John Upperton, Helen Bailey, Nick Marsden, Andrew Mayor, Zo\u00eb South, Anna Loveday<\/p>\n\n\n\n<p><strong>38th Season<\/strong><\/p>\n\n\n\n<p>June 2024                       <strong>Verdi:  <em>Don Carlo<\/em><\/strong> (1884 version for La Scala) &#8211; in concert (StJW)<\/p>\n\n\n\n<p>                                      John Upperton, Andrew Mayor, Anna Loveday, Zo\u00eb South, Stephen Holloway, Gerard <\/p>\n\n\n\n<p>                                      Delrez, Helen Bailey, Nick Marsden<\/p>\n\n\n\n<p><strong>37<strong><sup>th<\/sup><\/strong> Season <\/strong><\/p>\n\n\n\n<div class=\"wp-block-columns is-layout-flex wp-container-core-columns-is-layout-9d6595d7 wp-block-columns-is-layout-flex\">\n<div class=\"wp-block-column is-layout-flow wp-block-column-is-layout-flow\" style=\"flex-basis:20%\">\n<p>November 2023<\/p>\n\n\n\n<p><\/p>\n\n\n\n<p><\/p>\n<\/div>\n\n\n\n<div class=\"wp-block-column is-layout-flow wp-block-column-is-layout-flow\" style=\"flex-basis:66.66%\">\n<p><strong>Puccini:  <em>La rondine<\/em><\/strong> &#8211; in concert (StJW)<\/p>\n\n\n\n<p>Helen Bailey, Alex Aldren, Jane Streeton, John Upperton, Nick Marsden, Zo\u00eb South, Nicola Ihnatowicz, Anna Loveday <\/p>\n\n\n\n<p><\/p>\n<\/div>\n<\/div>\n\n\n\n<p><strong>36<strong><sup>th<\/sup><\/strong> Season <\/strong>                   <\/p>\n\n\n\n<div class=\"wp-block-columns is-layout-flex wp-container-core-columns-is-layout-9d6595d7 wp-block-columns-is-layout-flex\">\n<div class=\"wp-block-column is-layout-flow wp-block-column-is-layout-flow\" style=\"flex-basis:20%\">\n<p>March 2023<\/p>\n\n\n\n<p><\/p>\n\n\n\n<p>November 2022<\/p>\n<\/div>\n\n\n\n<div class=\"wp-block-column is-layout-flow wp-block-column-is-layout-flow\" style=\"flex-basis:66.66%\">\n<p><strong>Jan\u00e1\u010dek:  <em>Jen\u016ffa<\/em><\/strong> &#8211; semi-staged (StJW)<\/p>\n\n\n\n<p>Zo\u00eb South, Helen Bailey, John Upperton, Mike Wells, Joanna Gamble, Andr\u00e9 Andrade, Kevin Rodgers<\/p>\n\n\n\n<p><strong>Smetana:  <em>The Bartered Bride<\/em><\/strong> \u2013 semi-staged (StJW)<\/p>\n\n\n\n<p>Nicola Ihnatowicz, John Upperton, Kevin Rodgers, Paul Blundell, Jane Streeton, Andr\u00e9 Andrade, Daniela Bailey, Christopher Hollis<\/p>\n<\/div>\n<\/div>\n\n\n\n<div class=\"wp-block-columns is-layout-flex wp-container-core-columns-is-layout-9d6595d7 wp-block-columns-is-layout-flex\">\n<div class=\"wp-block-column is-layout-flow wp-block-column-is-layout-flow\" style=\"flex-basis:20%\">\n<p>June 2022<\/p>\n<\/div>\n\n\n\n<div class=\"wp-block-column is-layout-flow wp-block-column-is-layout-flow\" style=\"flex-basis:66.66%\">\n<p><strong>A Choral Introduction to MSO&#8217;s Czech Season <\/strong>\u2013 St Alfege Church, Greenwich<\/p>\n\n\n\n<p>Jan\u00e1\u010dek:  <em>Ot\u010den\u00e1\u0161<\/em>, Elegy on the death of my daughter Olga;<br>Dvo\u0159\u00e1k:  Mass in D<br><br>John Upperton, Paul Plummer, Richard Black and the Chorus of Midsummer Opera, conductor David Roblou<\/p>\n<\/div>\n<\/div>\n\n\n\n<p><strong>35<strong><sup>th<\/sup><\/strong> Season <\/strong><\/p>\n\n\n\n<p>Cancelled<\/p>\n\n\n\n<p><strong>34<sup>th<\/sup> Season<\/strong><\/p>\n\n\n\n<div class=\"wp-block-columns is-layout-flex wp-container-core-columns-is-layout-9d6595d7 wp-block-columns-is-layout-flex\">\n<div class=\"wp-block-column is-layout-flow wp-block-column-is-layout-flow\" style=\"flex-basis:20%\">\n<p>November 2019<\/p>\n<\/div>\n\n\n\n<div class=\"wp-block-column is-layout-flow wp-block-column-is-layout-flow\" style=\"flex-basis:66.66%\">\n<p><strong>Poulenc <em>Dialogues des Carm\u00e9lites<\/em><\/strong> \u2013 semi-staged (StJW)<\/p>\n\n\n\n<p>Zo\u00eb South, Sophie Boyer, Marie Elizabeth Seager, Si\u00e2n Woodling, Katherine Williamson.  Staging John Upperton<\/p>\n<\/div>\n<\/div>\n\n\n\n<p><strong>33<sup>rd<\/sup> Season<\/strong>  <\/p>\n\n\n\n<div class=\"wp-block-columns is-layout-flex wp-container-core-columns-is-layout-9d6595d7 wp-block-columns-is-layout-flex\">\n<div class=\"wp-block-column is-layout-flow wp-block-column-is-layout-flow\" style=\"flex-basis:20%\">\n<p>March 2019<\/p>\n<\/div>\n\n\n\n<div class=\"wp-block-column is-layout-flow wp-block-column-is-layout-flow\" style=\"flex-basis:66.66%\">\n<p><strong>Giordano <em>Andrea Ch\u00e9nier<\/em> <\/strong>\u2013 semi-staged (StJW)<\/p>\n\n\n\n<p>John Upperton, Zo\u00eb South, Andrew Mayor, Stephen Cviic, Andr\u00e9 Andrade. <\/p>\n<\/div>\n<\/div>\n\n\n\n<div class=\"wp-block-columns is-layout-flex wp-container-core-columns-is-layout-9d6595d7 wp-block-columns-is-layout-flex\">\n<div class=\"wp-block-column is-layout-flow wp-block-column-is-layout-flow\" style=\"flex-basis:20%\">\n<p>November 2018<\/p>\n<\/div>\n\n\n\n<div class=\"wp-block-column is-layout-flow wp-block-column-is-layout-flow\" style=\"flex-basis:66.66%\">\n<p><strong>Verdi <em>Macbeth<\/em> <\/strong>\u2013 semi-staged (StJW)<\/p>\n\n\n\n<p>David Durham, Zo\u00eb South, Stephen Holloway, John Upperton.  Staging Lynne McAdam &amp; John Upperton<\/p>\n<\/div>\n<\/div>\n\n\n\n<p><strong>32<sup>nd<\/sup> Season<\/strong><\/p>\n\n\n\n<div class=\"wp-block-columns is-layout-flex wp-container-core-columns-is-layout-9d6595d7 wp-block-columns-is-layout-flex\">\n<div class=\"wp-block-column is-layout-flow wp-block-column-is-layout-flow\" style=\"flex-basis:20%\">\n<p>March 2018<\/p>\n<\/div>\n\n\n\n<div class=\"wp-block-column is-layout-flow wp-block-column-is-layout-flow\" style=\"flex-basis:66.66%\">\n<p><strong>Verdi <em>Luisa Miller<\/em><\/strong> \u2013 semi-staged (StJW)<\/p>\n\n\n\n<p>Andrew Mayor, Emma Dogliani, Stephen Holloway, John Upperton, Cheyney Kent, Si\u00e2n Woodling. <\/p>\n<\/div>\n<\/div>\n\n\n\n<div class=\"wp-block-columns is-layout-flex wp-container-core-columns-is-layout-9d6595d7 wp-block-columns-is-layout-flex\">\n<div class=\"wp-block-column is-layout-flow wp-block-column-is-layout-flow\" style=\"flex-basis:20%\">\n<p>November 2017<\/p>\n<\/div>\n\n\n\n<div class=\"wp-block-column is-layout-flow wp-block-column-is-layout-flow\" style=\"flex-basis:66.66%\">\n<p><strong>Vaughan Williams <em>Riders to the Sea<\/em> <\/strong>\u2013 semi-staged (StJW)<\/p>\n\n\n\n<p>Leilani Barratt, Katherine Williamson, Si\u00e2n Woodling, Oskar McCarthy<\/p>\n\n\n\n<p><strong>William Walton <em>Henry V<\/em> <\/strong>\u2013 semi-staged (StJW)<\/p>\n\n\n\n<p>John Upperton, Tony Brewer.   <\/p>\n<\/div>\n<\/div>\n\n\n\n<p><strong>31<sup>st<\/sup>  Season<\/strong><\/p>\n\n\n\n<div class=\"wp-block-columns is-layout-flex wp-container-core-columns-is-layout-9d6595d7 wp-block-columns-is-layout-flex\">\n<div class=\"wp-block-column is-layout-flow wp-block-column-is-layout-flow\" style=\"flex-basis:20%\">\n<p>April 2017<\/p>\n<\/div>\n\n\n\n<div class=\"wp-block-column is-layout-flow wp-block-column-is-layout-flow\" style=\"flex-basis:66.66%\">\n<p><strong>Ponchielli <em>La Gioconda<\/em> <\/strong>\u2013 semi-staged (StJW)<\/p>\n\n\n\n<p>Zo\u00eb South, Trevor Alexander, John Upperton, Si\u00e2n Woodling, Stephen Holloway, Anna Loveday<\/p>\n<\/div>\n<\/div>\n\n\n\n<div class=\"wp-block-columns is-layout-flex wp-container-core-columns-is-layout-9d6595d7 wp-block-columns-is-layout-flex\">\n<div class=\"wp-block-column is-layout-flow wp-block-column-is-layout-flow\" style=\"flex-basis:20%\">\n<p>November 2016<\/p>\n<\/div>\n\n\n\n<div class=\"wp-block-column is-layout-flow wp-block-column-is-layout-flow\" style=\"flex-basis:66.66%\">\n<p><strong>Humperdinck <em>H\u00e4nsel und Gretel<\/em> <\/strong>\u2013 semi-staged (StJW)<\/p>\n\n\n\n<p>Lucy Goddard, Catrine Kirkman, Jane Streeton, Stephen Svanholm, Joanne Whalley, Katherine Williamson, Lynne McAdam.   Staging  John Upperton<\/p>\n<\/div>\n<\/div>\n\n\n\n<p><strong>30<sup>th<\/sup> Anniversary Season<\/strong><\/p>\n\n\n\n<div class=\"wp-block-columns is-layout-flex wp-container-core-columns-is-layout-9d6595d7 wp-block-columns-is-layout-flex\">\n<div class=\"wp-block-column is-layout-flow wp-block-column-is-layout-flow\" style=\"flex-basis:20%\">\n<p>April 2016<\/p>\n<\/div>\n\n\n\n<div class=\"wp-block-column is-layout-flow wp-block-column-is-layout-flow\" style=\"flex-basis:66.66%\">\n<p><strong>Mozart <em>Don Giovanni<\/em> &nbsp;<\/strong>semi-staged (StJW)<\/p>\n\n\n\n<p>Andrew Mayor, Oskar McCarthy, John Upperton, Emma Dogliani, Nicola Ihnatowicz. <\/p>\n<\/div>\n<\/div>\n\n\n\n<div class=\"wp-block-columns is-layout-flex wp-container-core-columns-is-layout-9d6595d7 wp-block-columns-is-layout-flex\">\n<div class=\"wp-block-column is-layout-flow wp-block-column-is-layout-flow\" style=\"flex-basis:20%\">\n<p>November 2015&nbsp;<\/p>\n<\/div>\n\n\n\n<div class=\"wp-block-column is-layout-flow wp-block-column-is-layout-flow\" style=\"flex-basis:66.66%\">\n<p><strong>Verdi <em>Un ballo in maschera<\/em> <\/strong>\u2013 semi-staged (StJW)<\/p>\n\n\n\n<p>John Upperton, Jane Streeton, Andrew Mayor, Catrine Kirkman, Justin Bindley, Graham Stone, Joanna Gamble. <\/p>\n<\/div>\n<\/div>\n\n\n\n<p><strong>29<sup>th<\/sup> Season<\/strong><\/p>\n\n\n\n<div class=\"wp-block-columns is-layout-flex wp-container-core-columns-is-layout-9d6595d7 wp-block-columns-is-layout-flex\">\n<div class=\"wp-block-column is-layout-flow wp-block-column-is-layout-flow\" style=\"flex-basis:20%\">\n<p>March 2015<\/p>\n<\/div>\n\n\n\n<div class=\"wp-block-column is-layout-flow wp-block-column-is-layout-flow\" style=\"flex-basis:66.66%\">\n<p><strong>Puccini <em>Tosca<\/em> <\/strong>\u2013 semi-staged (StJW)<\/p>\n\n\n\n<p>Deborah Stoddart, John Upperton, Stephen Holloway.  Staging John Upperton &amp; Lynne McAdam<\/p>\n<\/div>\n<\/div>\n\n\n\n<div class=\"wp-block-columns is-layout-flex wp-container-core-columns-is-layout-9d6595d7 wp-block-columns-is-layout-flex\">\n<div class=\"wp-block-column is-layout-flow wp-block-column-is-layout-flow\" style=\"flex-basis:20%\">\n<p>November 2014<\/p>\n<\/div>\n\n\n\n<div class=\"wp-block-column is-layout-flow wp-block-column-is-layout-flow\" style=\"flex-basis:66.66%\">\n<p><strong>Mozart <em>La clemenza di Tito<\/em><\/strong> \u2013 semi-staged (StJW)<\/p>\n\n\n\n<p>John Upperton, Nicola Ihnatowicz, Norma Ritchie, Lucy Goddard, Emma Dogliani.  <\/p>\n<\/div>\n<\/div>\n\n\n\n<p><strong>28<sup>th<\/sup> Season<\/strong><\/p>\n\n\n\n<div class=\"wp-block-columns is-layout-flex wp-container-core-columns-is-layout-9d6595d7 wp-block-columns-is-layout-flex\">\n<div class=\"wp-block-column is-layout-flow wp-block-column-is-layout-flow\" style=\"flex-basis:20%\">\n<p>March 2014&nbsp;<\/p>\n<\/div>\n\n\n\n<div class=\"wp-block-column is-layout-flow wp-block-column-is-layout-flow\" style=\"flex-basis:66.66%\">\n<p><strong>Puccini <em>La fanciulla del West<\/em> <\/strong>\u2013 semi-staged (StJW)<\/p>\n\n\n\n<p>Zo\u00eb South, John Upperton, Trevor Alexander.  <\/p>\n<\/div>\n<\/div>\n\n\n\n<div class=\"wp-block-columns is-layout-flex wp-container-core-columns-is-layout-9d6595d7 wp-block-columns-is-layout-flex\">\n<div class=\"wp-block-column is-layout-flow wp-block-column-is-layout-flow\" style=\"flex-basis:20%\">\n<p>October 2013<\/p>\n<\/div>\n\n\n\n<div class=\"wp-block-column is-layout-flow wp-block-column-is-layout-flow\" style=\"flex-basis:66.66%\">\n<p><strong>Verdi <em>Otello<\/em> <\/strong>\u2013 semi-staged (StJW)<\/p>\n\n\n\n<p>John Upperton, Lorraine Ely, Andrew Mayor.   <\/p>\n<\/div>\n<\/div>\n\n\n\n<p><strong>27<sup>th<\/sup> Season<\/strong><\/p>\n\n\n\n<div class=\"wp-block-columns is-layout-flex wp-container-core-columns-is-layout-9d6595d7 wp-block-columns-is-layout-flex\">\n<div class=\"wp-block-column is-layout-flow wp-block-column-is-layout-flow\" style=\"flex-basis:20%\">\n<p>April 2013<\/p>\n<\/div>\n\n\n\n<div class=\"wp-block-column is-layout-flow wp-block-column-is-layout-flow\" style=\"flex-basis:66.66%\">\n<p><strong>Massenet <em>Werther<\/em> <\/strong>\u2013 semi-staged (StJW)<\/p>\n\n\n\n<p>John Upperton, Norma Ritchie, Trevor Alexander, Elinor Jane Moran.  <\/p>\n<\/div>\n<\/div>\n\n\n\n<div class=\"wp-block-columns is-layout-flex wp-container-core-columns-is-layout-9d6595d7 wp-block-columns-is-layout-flex\">\n<div class=\"wp-block-column is-layout-flow wp-block-column-is-layout-flow\" style=\"flex-basis:20%\">\n<p>November 2012<\/p>\n<\/div>\n\n\n\n<div class=\"wp-block-column is-layout-flow wp-block-column-is-layout-flow\" style=\"flex-basis:66.66%\">\n<p><strong>Beethoven <em>Fidelio<\/em> <\/strong>\u2013 semi-staged (StJW)<\/p>\n\n\n\n<p>Zo\u00eb South, John Upperton, Stephen Holloway.  <\/p>\n<\/div>\n<\/div>\n\n\n\n<p><strong>26<sup>th<\/sup> Season<\/strong><\/p>\n\n\n\n<div class=\"wp-block-columns is-layout-flex wp-container-core-columns-is-layout-9d6595d7 wp-block-columns-is-layout-flex\">\n<div class=\"wp-block-column is-layout-flow wp-block-column-is-layout-flow\" style=\"flex-basis:20%\">\n<p>February 2012<\/p>\n<\/div>\n\n\n\n<div class=\"wp-block-column is-layout-flow wp-block-column-is-layout-flow\" style=\"flex-basis:66.66%\">\n<p><strong>Wagner <em>Die Walk\u00fcre<\/em> <\/strong>(Acts II &amp; III in concert) (StJW)<\/p>\n\n\n\n<p>Stephen Holloway, Zo\u00eb South, John Upperton, Deborah Stoddart, John Milne<\/p>\n<\/div>\n<\/div>\n\n\n\n<div class=\"wp-block-columns is-layout-flex wp-container-core-columns-is-layout-9d6595d7 wp-block-columns-is-layout-flex\">\n<div class=\"wp-block-column is-layout-flow wp-block-column-is-layout-flow\" style=\"flex-basis:20%\">\n<p>November 2011<\/p>\n<\/div>\n\n\n\n<div class=\"wp-block-column is-layout-flow wp-block-column-is-layout-flow\" style=\"flex-basis:66.66%\">\n<p><strong>Mozart <em>Idomeneo<\/em> <\/strong>(StJW &amp;&nbsp;Broadway Theatre)<\/p>\n\n\n\n<p>Deborah Stoddart, John Upperton, Norma Ritchie, Emma Dogliani, Stephen Cviic<\/p>\n<\/div>\n<\/div>\n\n\n\n<p><strong>25<sup>th<\/sup> Season<\/strong><\/p>\n\n\n\n<div class=\"wp-block-columns is-layout-flex wp-container-core-columns-is-layout-9d6595d7 wp-block-columns-is-layout-flex\">\n<div class=\"wp-block-column is-layout-flow wp-block-column-is-layout-flow\" style=\"flex-basis:20%\">\n<p>February 2010<\/p>\n<\/div>\n\n\n\n<div class=\"wp-block-column is-layout-flow wp-block-column-is-layout-flow\" style=\"flex-basis:66.66%\">\n<p><strong><em>Wagnerabend<\/em> <em>&nbsp;<\/em><\/strong><em>Die Walk\u00fcre<\/em> Act 1, <em>Walk\u00fcrenritt<\/em>, <em>G\u00f6tterd\u00e4mmerung<\/em> Act III, Scenes 2 &amp; 3&nbsp;(StJW)<\/p>\n\n\n\n<p>John Upperton, Deborah Stoddart, Stephen Holloway, Zo\u00eb South, John Milne<\/p>\n<\/div>\n<\/div>\n\n\n\n<div class=\"wp-block-columns is-layout-flex wp-container-core-columns-is-layout-9d6595d7 wp-block-columns-is-layout-flex\">\n<div class=\"wp-block-column is-layout-flow wp-block-column-is-layout-flow\" style=\"flex-basis:20%\">\n<p>November 2010<\/p>\n<\/div>\n\n\n\n<div class=\"wp-block-column is-layout-flow wp-block-column-is-layout-flow\" style=\"flex-basis:66.66%\">\n<p><strong>Verdi <em>Don Carlo<\/em> <\/strong>(StJW &amp; Broadway Theatre)<\/p>\n\n\n\n<p>John Upperton, Trevor Alexander, Zo\u00eb South, Deborah Stoddart, Stephen Holloway, Aidan Smith, John Milne.   <\/p>\n<\/div>\n<\/div>\n\n\n\n<p><strong>24<sup>th<\/sup> Season<\/strong><\/p>\n\n\n\n<div class=\"wp-block-columns is-layout-flex wp-container-core-columns-is-layout-9d6595d7 wp-block-columns-is-layout-flex\">\n<div class=\"wp-block-column is-layout-flow wp-block-column-is-layout-flow\" style=\"flex-basis:20%\">\n<p>April 2010<\/p>\n<\/div>\n\n\n\n<div class=\"wp-block-column is-layout-flow wp-block-column-is-layout-flow\" style=\"flex-basis:66.66%\">\n<p><strong>Weber <em>Der Freisch\u00fctz<\/em> <\/strong>(StJW &amp; Broadway Theatre)<\/p>\n\n\n\n<p>John Upperton, Deborah Stoddart, Jane Streeton, Rupert Pentargon<\/p>\n<\/div>\n<\/div>\n\n\n\n<div class=\"wp-block-columns is-layout-flex wp-container-core-columns-is-layout-9d6595d7 wp-block-columns-is-layout-flex\">\n<div class=\"wp-block-column is-layout-flow wp-block-column-is-layout-flow\" style=\"flex-basis:20%\">\n<p>October 2009&nbsp;&nbsp;<\/p>\n<\/div>\n\n\n\n<div class=\"wp-block-column is-layout-flow wp-block-column-is-layout-flow\" style=\"flex-basis:66.66%\">\n<p><strong><em>Triple Bill<\/em>: &nbsp;Puccini <em>Il tabarro<\/em>; Poulenc Gloria; Puccini <em>Suor Angelica<\/em> <\/strong>(StJW)<\/p>\n\n\n\n<p>Zo\u00eb South, Ben Regan, Trevor Alexander;  Emma Dogliani;  <\/p>\n\n\n\n<p>Deborah Stoddart, Lynne McAdam, Catrine Kirkman, Katy Bingham-Best, Morag Boyle;  staging (<em>Suor<\/em>) Trevor Alexander<\/p>\n<\/div>\n<\/div>\n\n\n\n<p><strong>23<sup>rd<\/sup> Season<\/strong><\/p>\n\n\n\n<div class=\"wp-block-columns is-layout-flex wp-container-core-columns-is-layout-9d6595d7 wp-block-columns-is-layout-flex\">\n<div class=\"wp-block-column is-layout-flow wp-block-column-is-layout-flow\" style=\"flex-basis:20%\">\n<p>March 2009 &nbsp;<\/p>\n<\/div>\n\n\n\n<div class=\"wp-block-column is-layout-flow wp-block-column-is-layout-flow\" style=\"flex-basis:66.66%\">\n<p><strong>Donizetti <em>Lucia di Lammermoor<\/em> <\/strong>(StJW &amp; Broadway Theatre).   Double-cast<\/p>\n\n\n\n<p>Jane Streeton\/Emma Dogliani, John Upperton, Trevor Alexander\/William Leigh Knight, Stephen Holloway\/Rupert Pentargon<\/p>\n<\/div>\n<\/div>\n\n\n\n<div class=\"wp-block-columns is-layout-flex wp-container-core-columns-is-layout-9d6595d7 wp-block-columns-is-layout-flex\">\n<div class=\"wp-block-column is-layout-flow wp-block-column-is-layout-flow\" style=\"flex-basis:20%\">\n<p>October 2008<\/p>\n<\/div>\n\n\n\n<div class=\"wp-block-column is-layout-flow wp-block-column-is-layout-flow\" style=\"flex-basis:66.66%\">\n<p><strong>Verdi <em>A\u00efda<\/em> &nbsp; <\/strong>(StJW &amp; Broadway Theatre)<\/p>\n\n\n\n<p>Deborah Stoddart, John Upperton, Zo\u00eb South, Trevor Alexander, Stephen Holloway<\/p>\n<\/div>\n<\/div>\n\n\n\n<p><strong>22<sup>nd<\/sup> &nbsp;Season<\/strong><\/p>\n\n\n\n<div class=\"wp-block-columns is-layout-flex wp-container-core-columns-is-layout-9d6595d7 wp-block-columns-is-layout-flex\">\n<div class=\"wp-block-column is-layout-flow wp-block-column-is-layout-flow\" style=\"flex-basis:20%\">\n<p>April 2008<\/p>\n<\/div>\n\n\n\n<div class=\"wp-block-column is-layout-flow wp-block-column-is-layout-flow\" style=\"flex-basis:66.66%\">\n<p><strong>Bellini <em>Norma<\/em> <\/strong>(StJW &amp; Broadway Theatre, Catford)<\/p>\n\n\n\n<p>Deborah Stoddart, John Upperton, Emma Dogliani, Rupert Pentargon\/William Leigh Knight<\/p>\n<\/div>\n<\/div>\n\n\n\n<div class=\"wp-block-columns is-layout-flex wp-container-core-columns-is-layout-9d6595d7 wp-block-columns-is-layout-flex\">\n<div class=\"wp-block-column is-layout-flow wp-block-column-is-layout-flow\" style=\"flex-basis:20%\">\n<p>November 2007<\/p>\n<\/div>\n\n\n\n<div class=\"wp-block-column is-layout-flow wp-block-column-is-layout-flow\" style=\"flex-basis:66.66%\">\n<p>Revival of <strong><em>Turandot<\/em> <\/strong>(Broadway Theatre Catford) &#8211; for cast, see below<\/p>\n<\/div>\n<\/div>\n\n\n\n<div class=\"wp-block-columns is-layout-flex wp-container-core-columns-is-layout-9d6595d7 wp-block-columns-is-layout-flex\">\n<div class=\"wp-block-column is-layout-flow wp-block-column-is-layout-flow\" style=\"flex-basis:20%\">\n<p>July 2007<\/p>\n<\/div>\n\n\n\n<div class=\"wp-block-column is-layout-flow wp-block-column-is-layout-flow\" style=\"flex-basis:66.66%\">\n<p>World Premi\u00e8re of <strong><em>Sorbet! Sorbet!<\/em> <\/strong>by Simon Milton, V\u00e9ronique Souberbielle &amp; Bernard Turle<\/p>\n\n\n\n<p>(MSO at the Festival de Carnoules, Var &#8211; fully staged, Bernard Turle)<\/p>\n<\/div>\n<\/div>\n\n\n\n<p><strong>21<sup>st<\/sup> Season<\/strong><\/p>\n\n\n\n<div class=\"wp-block-columns is-layout-flex wp-container-core-columns-is-layout-9d6595d7 wp-block-columns-is-layout-flex\">\n<div class=\"wp-block-column is-layout-flow wp-block-column-is-layout-flow\" style=\"flex-basis:20%\">\n<p>May 2007&nbsp;<\/p>\n<\/div>\n\n\n\n<div class=\"wp-block-column is-layout-flow wp-block-column-is-layout-flow\" style=\"flex-basis:66.66%\">\n<p><strong>Puccini&nbsp;<em>Turandot<\/em> <\/strong>(with uncut original finale by Franco Alfano) (StJW)<\/p>\n\n\n\n<p>Deborah Stoddart, John Upperton, Emma Dogliani, Rupert Pentargon<\/p>\n<\/div>\n<\/div>\n\n\n\n<div class=\"wp-block-columns is-layout-flex wp-container-core-columns-is-layout-9d6595d7 wp-block-columns-is-layout-flex\">\n<div class=\"wp-block-column is-layout-flow wp-block-column-is-layout-flow\" style=\"flex-basis:20%\">\n<p>February 2007<\/p>\n<\/div>\n\n\n\n<div class=\"wp-block-column is-layout-flow wp-block-column-is-layout-flow\" style=\"flex-basis:66.66%\">\n<p>Concert&nbsp; <strong>Rossini <em>Petite messe solennelle<\/em>, &nbsp;Poulenc <em>Le bal masqu\u00e9<\/em> <\/strong>(StJW)<\/p>\n<\/div>\n<\/div>\n\n\n\n<div class=\"wp-block-columns is-layout-flex wp-container-core-columns-is-layout-9d6595d7 wp-block-columns-is-layout-flex\">\n<div class=\"wp-block-column is-layout-flow wp-block-column-is-layout-flow\" style=\"flex-basis:20%\">\n<p>October 2006<\/p>\n<\/div>\n\n\n\n<div class=\"wp-block-column is-layout-flow wp-block-column-is-layout-flow\" style=\"flex-basis:66.66%\">\n<p>Concert &nbsp;<strong>Gli\u00e8re <em>Concerto for Coloratura Soprano<\/em>, Rachmaninov <em>Rhapsody on a theme of Paganini<\/em>,&nbsp;Elgar <em>The Spirit of England<\/em>, Simon Milton <em>Tyranny of Distance<\/em> <\/strong>(World Premi\u00e8re) (StJW)<\/p>\n<\/div>\n<\/div>\n\n\n\n<p><strong>20<sup>th<\/sup> Season<\/strong><\/p>\n\n\n\n<div class=\"wp-block-columns is-layout-flex wp-container-core-columns-is-layout-9d6595d7 wp-block-columns-is-layout-flex\">\n<div class=\"wp-block-column is-layout-flow wp-block-column-is-layout-flow\" style=\"flex-basis:20%\">\n<p>April 2006&nbsp;<\/p>\n<\/div>\n\n\n\n<div class=\"wp-block-column is-layout-flow wp-block-column-is-layout-flow\" style=\"flex-basis:66.66%\">\n<p>Concert <strong>Mozart <em>Sinfonia concertante<\/em> K297b, Requiem; Simon Milton <em>Fallen Idols<\/em> <\/strong>(World Premi\u00e8re) (StJW)<\/p>\n<\/div>\n<\/div>\n\n\n\n<div class=\"wp-block-columns is-layout-flex wp-container-core-columns-is-layout-9d6595d7 wp-block-columns-is-layout-flex\">\n<div class=\"wp-block-column is-layout-flow wp-block-column-is-layout-flow\" style=\"flex-basis:20%\">\n<p>February 2006&nbsp;<\/p>\n<\/div>\n\n\n\n<div class=\"wp-block-column is-layout-flow wp-block-column-is-layout-flow\" style=\"flex-basis:66.66%\">\n<p>Concert&nbsp;<strong>Simon Milton&nbsp;<em>Fanfare for Verdi Brass<\/em>; G Gabrieli Canzon primi toni \u00e0 10; Verdi Requiem&nbsp;<\/strong>(StJW)<\/p>\n<\/div>\n<\/div>\n\n\n\n<div class=\"wp-block-columns is-layout-flex wp-container-core-columns-is-layout-9d6595d7 wp-block-columns-is-layout-flex\">\n<div class=\"wp-block-column is-layout-flow wp-block-column-is-layout-flow\" style=\"flex-basis:20%\">\n<p>November 2005&nbsp;<\/p>\n<\/div>\n\n\n\n<div class=\"wp-block-column is-layout-flow wp-block-column-is-layout-flow\" style=\"flex-basis:66.66%\">\n<p>20th Anniversary Concert &nbsp;&nbsp;<strong>Handel <em>Ode on St Cecilia&#8217;s Day<\/em>;&nbsp; Finzi <em>Dies Natalis<\/em>;<\/strong><\/p>\n\n\n\n<p><strong>Vaughan Williams <em>Serenade to Music<\/em> (St John\u2019s Smith Square)<\/strong><\/p>\n<\/div>\n<\/div>\n\n\n\n<div class=\"wp-block-columns is-layout-flex wp-container-core-columns-is-layout-9d6595d7 wp-block-columns-is-layout-flex\">\n<div class=\"wp-block-column is-layout-flow wp-block-column-is-layout-flow\" style=\"flex-basis:20%\">\n<p>July 2005&nbsp;&nbsp;<\/p>\n<\/div>\n\n\n\n<div class=\"wp-block-column is-layout-flow wp-block-column-is-layout-flow\" style=\"flex-basis:66.66%\">\n<p><strong>Massenet <em>Werther<\/em>; John Gay <em>The Beggar&#8217;s Opera<\/em> <\/strong>(Festival de Carnoules, Var, fully staged)<\/p>\n<\/div>\n<\/div>\n\n\n\n<p><strong>19<sup>th<\/sup> Season<\/strong><\/p>\n\n\n\n<div class=\"wp-block-columns is-layout-flex wp-container-core-columns-is-layout-9d6595d7 wp-block-columns-is-layout-flex\">\n<div class=\"wp-block-column is-layout-flow wp-block-column-is-layout-flow\" style=\"flex-basis:20%\">\n<p>May 2005&nbsp;<\/p>\n<\/div>\n\n\n\n<div class=\"wp-block-column is-layout-flow wp-block-column-is-layout-flow\" style=\"flex-basis:66.66%\">\n<p>Concert&nbsp; &nbsp;<strong><em>La Marseillaise<\/em> (arr. Berlioz), &nbsp;Faur\u00e9 Requiem, &nbsp;<\/strong><\/p>\n\n\n\n<p><strong>Naji Hakim<\/strong>: World premi\u00e8res of his orchestrations of <strong><em>Ph\u00e8dre<\/em>, <em>Ouverture Libanaise<\/em> <\/strong>(StJW)<\/p>\n<\/div>\n<\/div>\n\n\n\n<div class=\"wp-block-columns is-layout-flex wp-container-core-columns-is-layout-9d6595d7 wp-block-columns-is-layout-flex\">\n<div class=\"wp-block-column is-layout-flow wp-block-column-is-layout-flow\" style=\"flex-basis:20%\">\n<p>February 2005<\/p>\n<\/div>\n\n\n\n<div class=\"wp-block-column is-layout-flow wp-block-column-is-layout-flow\" style=\"flex-basis:66.66%\">\n<p>Concert&nbsp; &nbsp;<strong>Handel <em>Zadok the Priest<\/em>, &nbsp;Mozart &nbsp;Concert arias, <em>Paris<\/em> Symphony, <em>Ave verum corpus<\/em>,&nbsp;Beethoven <em>Choral Fantasy<\/em>, Simon Milton <em>Ozymandias<\/em> <\/strong>(World Premi\u00e8re) (StJW)&nbsp;<\/p>\n<\/div>\n<\/div>\n\n\n\n<div class=\"wp-block-columns is-layout-flex wp-container-core-columns-is-layout-9d6595d7 wp-block-columns-is-layout-flex\">\n<div class=\"wp-block-column is-layout-flow wp-block-column-is-layout-flow\" style=\"flex-basis:20%\">\n<p>October 2004<\/p>\n<\/div>\n\n\n\n<div class=\"wp-block-column is-layout-flow wp-block-column-is-layout-flow\" style=\"flex-basis:66.66%\">\n<p>Concert&nbsp; &nbsp;<strong>Rossini Songs, Quartets &amp; Choruses;  Poulenc <em>Le bal masqu<\/em>\u00e9; <\/strong><\/p>\n\n\n\n<p><strong><em>Litanies \u00e0 la Vierge noire de Rocamadour<\/em>;  <em>Tel jour, telle nuit<\/em> &nbsp;<\/strong>(StJW)<\/p>\n<\/div>\n<\/div>\n\n\n\n<p><strong>18<sup>th<\/sup> Season<\/strong><\/p>\n\n\n\n<div class=\"wp-block-columns is-layout-flex wp-container-core-columns-is-layout-9d6595d7 wp-block-columns-is-layout-flex\">\n<div class=\"wp-block-column is-layout-flow wp-block-column-is-layout-flow\" style=\"flex-basis:20%\">\n<p>April 2004<\/p>\n<\/div>\n\n\n\n<div class=\"wp-block-column is-layout-flow wp-block-column-is-layout-flow\" style=\"flex-basis:66.66%\">\n<p>Concert &nbsp;<strong>Copland <em>Fanfare for the Common Man<\/em>, Verdi Requiem <\/strong>(StJW)<\/p>\n<\/div>\n<\/div>\n\n\n\n<div class=\"wp-block-columns is-layout-flex wp-container-core-columns-is-layout-9d6595d7 wp-block-columns-is-layout-flex\">\n<div class=\"wp-block-column is-layout-flow wp-block-column-is-layout-flow\" style=\"flex-basis:20%\">\n<p>January 2004<\/p>\n<\/div>\n\n\n\n<div class=\"wp-block-column is-layout-flow wp-block-column-is-layout-flow\" style=\"flex-basis:66.66%\">\n<p>Concert&nbsp; &nbsp;<strong>Ravel <em>Le tombeau de Couperin<\/em>, Duparc <em>Six m\u00e9lodies<\/em>,<\/strong><\/p>\n\n\n\n<p><strong>Finzi <em>Dies Natalis<\/em>,&nbsp; Vaughan Williams <em>Serenade to Music<\/em> <\/strong>(StJW)<\/p>\n<\/div>\n<\/div>\n\n\n\n<div class=\"wp-block-columns is-layout-flex wp-container-core-columns-is-layout-9d6595d7 wp-block-columns-is-layout-flex\">\n<div class=\"wp-block-column is-layout-flow wp-block-column-is-layout-flow\" style=\"flex-basis:20%\">\n<p>October 2003<\/p>\n<\/div>\n\n\n\n<div class=\"wp-block-column is-layout-flow wp-block-column-is-layout-flow\" style=\"flex-basis:66.66%\">\n<p>Inaugural Concert of the Chorus of Midsummer Opera<\/p>\n\n\n\n<p><strong>Stravinsky <em>Pulcinella<\/em>, Rossini <em>Stabat Mater<\/em> <\/strong>(StJW)<\/p>\n<\/div>\n<\/div>\n\n\n\n<div class=\"wp-block-columns is-layout-flex wp-container-core-columns-is-layout-9d6595d7 wp-block-columns-is-layout-flex\">\n<div class=\"wp-block-column is-layout-flow wp-block-column-is-layout-flow\" style=\"flex-basis:20%\">\n<p>July 2003<\/p>\n<\/div>\n\n\n\n<div class=\"wp-block-column is-layout-flow wp-block-column-is-layout-flow\" style=\"flex-basis:66.66%\">\n<p><strong>Bizet <em>Carmen<\/em> <\/strong>(in association with WEM7 at Carnoules, Var, France \u2013 fully staged, Bernard Turle)<\/p>\n<\/div>\n<\/div>\n\n\n\n<p><strong>17<sup>th<\/sup> Season<\/strong><\/p>\n\n\n\n<div class=\"wp-block-columns is-layout-flex wp-container-core-columns-is-layout-9d6595d7 wp-block-columns-is-layout-flex\">\n<div class=\"wp-block-column is-layout-flow wp-block-column-is-layout-flow\" style=\"flex-basis:20%\">\n<p>June 2003&nbsp;<\/p>\n<\/div>\n\n\n\n<div class=\"wp-block-column is-layout-flow wp-block-column-is-layout-flow\" style=\"flex-basis:66.66%\">\n<p><strong>Purcell&nbsp;<em>Dido &amp; Aeneas<\/em>, Prelleur <em>Baucis &amp; Philemon<\/em><\/strong> (fully staged)<\/p>\n\n\n\n<p><strong>Clarke &amp; Daniel Purcell <em>The Four Seasons<\/em> from <em>The Island Princess<\/em>&nbsp;<\/strong>(Spitalfields Festival, Wilton&#8217;s)<\/p>\n<\/div>\n<\/div>\n\n\n\n<div class=\"wp-block-columns is-layout-flex wp-container-core-columns-is-layout-9d6595d7 wp-block-columns-is-layout-flex\">\n<div class=\"wp-block-column is-layout-flow wp-block-column-is-layout-flow\" style=\"flex-basis:20%\">\n<p>May 2003&nbsp;<\/p>\n<\/div>\n\n\n\n<div class=\"wp-block-column is-layout-flow wp-block-column-is-layout-flow\" style=\"flex-basis:66.66%\">\n<p>Inaugural Concert of the Symphony Orchestra of Midsummer Opera;  first MSO concert in StJW<\/p>\n\n\n\n<p><strong>Wagner <em>Siegfried Idyll<\/em>, <em>Wesendonk Lieder<\/em>; Berlioz <em>Les nuits d&#8217;\u00e9t\u00e9<\/em>, <em>Carnaval Romain<\/em><\/strong><\/p>\n<\/div>\n<\/div>\n\n\n\n<p><strong>16<sup>th<\/sup> Season<\/strong><\/p>\n\n\n\n<div class=\"wp-block-columns is-layout-flex wp-container-core-columns-is-layout-9d6595d7 wp-block-columns-is-layout-flex\">\n<div class=\"wp-block-column is-layout-flow wp-block-column-is-layout-flow\" style=\"flex-basis:20%\">\n<p>November 2001&nbsp;<\/p>\n<\/div>\n\n\n\n<div class=\"wp-block-column is-layout-flow wp-block-column-is-layout-flow\" style=\"flex-basis:66.66%\">\n<p><strong>Mozart <em>Le nozze di Figaro<\/em> <\/strong>(Woodville Halls, Gravesend, fully staged)&nbsp; &nbsp;<\/p>\n<\/div>\n<\/div>\n\n\n\n<p><strong>15<strong><sup>th<\/sup><\/strong> Season<\/strong><\/p>\n\n\n\n<div class=\"wp-block-columns is-layout-flex wp-container-core-columns-is-layout-9d6595d7 wp-block-columns-is-layout-flex\">\n<div class=\"wp-block-column is-layout-flow wp-block-column-is-layout-flow\" style=\"flex-basis:20%\">\n<p>Spring 2001<\/p>\n\n\n\n<p>November 2000<\/p>\n<\/div>\n\n\n\n<div class=\"wp-block-column is-layout-flow wp-block-column-is-layout-flow\" style=\"flex-basis:66.66%\">\n<p><strong>Mozart <em>Le nozze di Figaro<\/em> <\/strong>(Barn Theatre, Oxted, fully staged)<\/p>\n\n\n\n<p><strong>Rossini&nbsp;<em>La donna del lago<\/em> <\/strong>(St John\u2019s Smith Square)&nbsp;<\/p>\n<\/div>\n<\/div>\n\n\n\n<p><strong>14<sup>th<\/sup> Season<\/strong><\/p>\n\n\n\n<div class=\"wp-block-columns is-layout-flex wp-container-core-columns-is-layout-9d6595d7 wp-block-columns-is-layout-flex\">\n<div class=\"wp-block-column is-layout-flow wp-block-column-is-layout-flow\" style=\"flex-basis:20%\">\n<p>July 1998<\/p>\n<\/div>\n\n\n\n<div class=\"wp-block-column is-layout-flow wp-block-column-is-layout-flow\" style=\"flex-basis:66.66%\">\n<p>Revival of <strong><em>Dido &amp; Aeneas<\/em> <\/strong>(Opera Holland Park)<\/p>\n<\/div>\n<\/div>\n\n\n\n<p><strong>13<sup>th<\/sup> Season<\/strong><\/p>\n\n\n\n<div class=\"wp-block-columns is-layout-flex wp-container-core-columns-is-layout-9d6595d7 wp-block-columns-is-layout-flex\">\n<div class=\"wp-block-column is-layout-flow wp-block-column-is-layout-flow\" style=\"flex-basis:20%\">\n<p>Spring 1998<\/p>\n\n\n\n<p>February 1998<\/p>\n\n\n\n<p>June 1997<\/p>\n<\/div>\n\n\n\n<div class=\"wp-block-column is-layout-flow wp-block-column-is-layout-flow\" style=\"flex-basis:66.66%\">\n<p>Revival of <strong><em>Rigoletto<\/em> <\/strong>(Marlborough)<\/p>\n\n\n\n<p>Revival of <strong><em>Rigoletto<\/em> <\/strong>(Bermuda Festival)<\/p>\n\n\n\n<p>Revival of <strong>Handel <em>Atalanta<\/em> <\/strong>(St John\u2019s Smith Square &amp; the H\u00e4ndel-Festspiele Halle)<\/p>\n<\/div>\n<\/div>\n\n\n\n<p><strong>12<sup>th<\/sup> Season<\/strong><\/p>\n\n\n\n<div class=\"wp-block-columns is-layout-flex wp-container-core-columns-is-layout-9d6595d7 wp-block-columns-is-layout-flex\">\n<div class=\"wp-block-column is-layout-flow wp-block-column-is-layout-flow\" style=\"flex-basis:20%\">\n<p>July 1996<\/p>\n<\/div>\n\n\n\n<div class=\"wp-block-column is-layout-flow wp-block-column-is-layout-flow\" style=\"flex-basis:66.66%\">\n<p><strong>Verdi <em>Rigoletto<\/em> <\/strong>(Polesden Lacey) &nbsp;<\/p>\n<\/div>\n<\/div>\n\n\n\n<p><strong>11<sup>th<\/sup> Season<\/strong><\/p>\n\n\n\n<div class=\"wp-block-columns is-layout-flex wp-container-core-columns-is-layout-9d6595d7 wp-block-columns-is-layout-flex\">\n<div class=\"wp-block-column is-layout-flow wp-block-column-is-layout-flow\" style=\"flex-basis:20%\">\n<p>November 1995<\/p>\n\n\n\n<p>July 1995<\/p>\n<\/div>\n\n\n\n<div class=\"wp-block-column is-layout-flow wp-block-column-is-layout-flow\" style=\"flex-basis:66.66%\">\n<p>Revival of <strong><em>Dido &amp; Aeneas<\/em> <\/strong>(South Hill Park)<\/p>\n\n\n\n<p>Revival of <strong><em>Partenope<\/em> <\/strong>(Lyric Theatre, Hammersmith)<\/p>\n<\/div>\n<\/div>\n\n\n\n<p><strong>10<sup>th<\/sup> Season<\/strong><\/p>\n\n\n\n<div class=\"wp-block-columns is-layout-flex wp-container-core-columns-is-layout-9d6595d7 wp-block-columns-is-layout-flex\">\n<div class=\"wp-block-column is-layout-flow wp-block-column-is-layout-flow\" style=\"flex-basis:20%\">\n<p>May 1995<\/p>\n\n\n\n<p>February 1995<\/p>\n\n\n\n<p>July 1994<\/p>\n<\/div>\n\n\n\n<div class=\"wp-block-column is-layout-flow wp-block-column-is-layout-flow\" style=\"flex-basis:66.66%\">\n<p>Revival of <strong><em>Le nozze di Figaro<\/em> <\/strong>(Brighton Festival)<\/p>\n\n\n\n<p>Revival of <strong><em>Le nozze di Figaro<\/em> <\/strong>(Bermuda Festival)<\/p>\n\n\n\n<p><strong>Mozart&nbsp;<em>Le nozze di Figaro<\/em> <\/strong>(Ealing &amp; Polesden Lacey Open Air)<\/p>\n<\/div>\n<\/div>\n\n\n\n<p><strong>9<sup>th<\/sup> Season<\/strong><\/p>\n\n\n\n<div class=\"wp-block-columns is-layout-flex wp-container-core-columns-is-layout-9d6595d7 wp-block-columns-is-layout-flex\">\n<div class=\"wp-block-column is-layout-flow wp-block-column-is-layout-flow\" style=\"flex-basis:20%\">\n<p>September 1993<\/p>\n<\/div>\n\n\n\n<div class=\"wp-block-column is-layout-flow wp-block-column-is-layout-flow\" style=\"flex-basis:66.66%\">\n<p><strong>Blow <em>Venus &amp; Adonis<\/em> &amp; Purcell <em>Dido &amp; Aeneas<\/em> <\/strong>(Ealing)&nbsp; &nbsp;<\/p>\n<\/div>\n<\/div>\n\n\n\n<p><strong>8<sup>th<\/sup> Season<\/strong><\/p>\n\n\n\n<div class=\"wp-block-columns is-layout-flex wp-container-core-columns-is-layout-9d6595d7 wp-block-columns-is-layout-flex\">\n<div class=\"wp-block-column is-layout-flow wp-block-column-is-layout-flow\" style=\"flex-basis:20%\">\n<p>November 1992<\/p>\n<\/div>\n\n\n\n<div class=\"wp-block-column is-layout-flow wp-block-column-is-layout-flow\" style=\"flex-basis:66.66%\">\n<p>Revival of <strong><em>Acis and Galatea<\/em> <\/strong>(Grand Theatre, Blackpool &amp; Syon House, Brentford)<\/p>\n<\/div>\n<\/div>\n\n\n\n<div class=\"wp-block-columns is-layout-flex wp-container-core-columns-is-layout-9d6595d7 wp-block-columns-is-layout-flex\">\n<div class=\"wp-block-column is-layout-flow wp-block-column-is-layout-flow\" style=\"flex-basis:20%\">\n<p>October 1992<\/p>\n\n\n\n<p>September 1992<\/p>\n\n\n\n<p>July 1992<\/p>\n\n\n\n<p>June 1992&nbsp;<\/p>\n<\/div>\n\n\n\n<div class=\"wp-block-column is-layout-flow wp-block-column-is-layout-flow\" style=\"flex-basis:66.66%\">\n<p>Revival of <strong><em>Cos\u00ec fan tutte<\/em> <\/strong>(Weston-super-Mare)<\/p>\n\n\n\n<p><strong>Handel <em>Agrippina<\/em> <\/strong>(Ealing)<\/p>\n\n\n\n<p>Revival of <strong><em>Acis and Galatea<\/em> <\/strong>(Wiltz, Luxembourg)<\/p>\n\n\n\n<p>Revival of <strong><em>Cos\u00ec fan tutte<\/em> <\/strong>(Polesden Lacey Open Air Theatre)<\/p>\n<\/div>\n<\/div>\n\n\n\n<p><strong>7<sup>th<\/sup> Season<\/strong><\/p>\n\n\n\n<div class=\"wp-block-columns is-layout-flex wp-container-core-columns-is-layout-9d6595d7 wp-block-columns-is-layout-flex\">\n<div class=\"wp-block-column is-layout-flow wp-block-column-is-layout-flow\" style=\"flex-basis:20%\">\n<p>September 1991<\/p>\n\n\n\n<p>July 1991<\/p>\n<\/div>\n\n\n\n<div class=\"wp-block-column is-layout-flow wp-block-column-is-layout-flow\" style=\"flex-basis:66.66%\">\n<p>Revival of <strong><em>Cos\u00ec fan tutte<\/em> <\/strong>(Ealing)<\/p>\n\n\n\n<p><em>\u2018<strong>Opera al fresco II\u2019<\/strong><\/em> (Norwich)<\/p>\n<\/div>\n<\/div>\n\n\n\n<p><strong>6<sup>th<\/sup> Season<\/strong><\/p>\n\n\n\n<div class=\"wp-block-columns is-layout-flex wp-container-core-columns-is-layout-9d6595d7 wp-block-columns-is-layout-flex\">\n<div class=\"wp-block-column is-layout-flow wp-block-column-is-layout-flow\" style=\"flex-basis:20%\">\n<p>February 1991<\/p>\n\n\n\n<p>September 1990<\/p>\n\n\n\n<p>June 1990<\/p>\n<\/div>\n\n\n\n<div class=\"wp-block-column is-layout-flow wp-block-column-is-layout-flow\" style=\"flex-basis:66.66%\">\n<p><strong>Mozart <em>Cos\u00ec fan tutte<\/em>&nbsp;<\/strong>(Bermuda Festival)<\/p>\n\n\n\n<p><strong>Handel <em>Partenope<\/em> <\/strong>(Ealing) <\/p>\n\n\n\n<p><em>\u2018<strong>Opera al fresco<\/strong>\u2019<\/em> (Osterley Park House)<\/p>\n<\/div>\n<\/div>\n\n\n\n<p><strong>5<sup>th<\/sup> Season<\/strong><\/p>\n\n\n\n<div class=\"wp-block-columns is-layout-flex wp-container-core-columns-is-layout-9d6595d7 wp-block-columns-is-layout-flex\">\n<div class=\"wp-block-column is-layout-flow wp-block-column-is-layout-flow\" style=\"flex-basis:20%\">\n<p>March 1990<\/p>\n\n\n\n<p>January 1990<\/p>\n\n\n\n<p>October 1989<\/p>\n<\/div>\n\n\n\n<div class=\"wp-block-column is-layout-flow wp-block-column-is-layout-flow\" style=\"flex-basis:66.66%\">\n<p>Revival of <strong><em>Acis and Galatea<\/em> <\/strong>(Grand Th\u00e9\u00e2tre de Tours)<\/p>\n\n\n\n<p>Revival of <strong><em>L&#8217;occasione fa il ladro<\/em> <\/strong>(St John\u2019s Smith Square)<\/p>\n\n\n\n<p>Revival of <strong><em>Acis and Galatea<\/em> <\/strong>(St John\u2019s Smith Square &amp; Edinburgh Festival Theatre)<\/p>\n<\/div>\n<\/div>\n\n\n\n<div class=\"wp-block-columns is-layout-flex wp-container-core-columns-is-layout-9d6595d7 wp-block-columns-is-layout-flex\">\n<div class=\"wp-block-column is-layout-flow wp-block-column-is-layout-flow\" style=\"flex-basis:20%\">\n<p>June\/July 1989<\/p>\n<\/div>\n\n\n\n<div class=\"wp-block-column is-layout-flow wp-block-column-is-layout-flow\" style=\"flex-basis:66.66%\">\n<p><strong>Rossini &nbsp;<em>L&#8217;occasione fa il ladro<\/em> <\/strong>(Ealing) &nbsp; &nbsp;<\/p>\n<\/div>\n<\/div>\n\n\n\n<p><strong>4<sup>th<\/sup> Season<\/strong><\/p>\n\n\n\n<div class=\"wp-block-columns is-layout-flex wp-container-core-columns-is-layout-9d6595d7 wp-block-columns-is-layout-flex\">\n<div class=\"wp-block-column is-layout-flow wp-block-column-is-layout-flow\" style=\"flex-basis:20%\">\n<p>September 1988<\/p>\n\n\n\n<p>June 1988<\/p>\n<\/div>\n\n\n\n<div class=\"wp-block-column is-layout-flow wp-block-column-is-layout-flow\" style=\"flex-basis:66.66%\">\n<p><strong>Handel <em>Acis and Galatea<\/em> <\/strong>(Ealing)<\/p>\n\n\n\n<p><strong>Alison Bauld&nbsp;<em>Nell<\/em> <\/strong>(World Premi\u00e8re, MSO Commission), <strong><em>Van Diemen\u2019s Land<\/em> <\/strong>(Donmar Warehouse)<\/p>\n<\/div>\n<\/div>\n\n\n\n<p><strong>3<sup>rd<\/sup> Season<\/strong><\/p>\n\n\n\n<div class=\"wp-block-columns is-layout-flex wp-container-core-columns-is-layout-9d6595d7 wp-block-columns-is-layout-flex\">\n<div class=\"wp-block-column is-layout-flow wp-block-column-is-layout-flow\" style=\"flex-basis:20%\">\n<p>January 1988<\/p>\n\n\n\n<p>September 1987<\/p>\n<\/div>\n\n\n\n<div class=\"wp-block-column is-layout-flow wp-block-column-is-layout-flow\" style=\"flex-basis:66.66%\">\n<p>Revival of <strong><em>Atalanta<\/em> <\/strong>(St John\u2019s Smith Square)<\/p>\n\n\n\n<p><strong>Handel <em>Atalanta<\/em> <\/strong>(Ealing)<\/p>\n<\/div>\n<\/div>\n\n\n\n<p><strong>2<sup>nd<\/sup> Season<\/strong><\/p>\n\n\n\n<div class=\"wp-block-columns is-layout-flex wp-container-core-columns-is-layout-9d6595d7 wp-block-columns-is-layout-flex\">\n<div class=\"wp-block-column is-layout-flow wp-block-column-is-layout-flow\" style=\"flex-basis:20%\">\n<p>February 1987<\/p>\n\n\n\n<p>July 1986<\/p>\n<\/div>\n\n\n\n<div class=\"wp-block-column is-layout-flow wp-block-column-is-layout-flow\" style=\"flex-basis:66.66%\">\n<p>Revival of <strong><em>Erismena<\/em> <\/strong>(St John&#8217;s Smith Square)<\/p>\n\n\n\n<p><strong>Cavalli <em>Erismena<\/em> <\/strong>(Ealing)<\/p>\n<\/div>\n<\/div>\n\n\n\n<p><strong>Opening Season<\/strong><\/p>\n\n\n\n<div class=\"wp-block-columns is-layout-flex wp-container-core-columns-is-layout-9d6595d7 wp-block-columns-is-layout-flex\">\n<div class=\"wp-block-column is-layout-flow wp-block-column-is-layout-flow\" style=\"flex-basis:20%\">\n<p>June 1985<\/p>\n<\/div>\n\n\n\n<div class=\"wp-block-column is-layout-flow wp-block-column-is-layout-flow\" style=\"flex-basis:66.66%\">\n<p><strong>Handel <em>Rinaldo<\/em> <\/strong>(in the garden of 90 Grange Road, Ealing)<\/p>\n\n\n\n<p>Jenny Miller, David Skewes, James Meek, Lorelle Skewes, Teresa Lister<\/p>\n<\/div>\n<\/div>\n\n\n\n<p><\/p>\n\n\n\n<figure class=\"wp-block-gallery has-nested-images columns-default is-cropped wp-block-gallery-2 is-layout-flex wp-block-gallery-is-layout-flex\">\n<figure class=\"wp-block-image size-large\"><img loading=\"lazy\" decoding=\"async\" width=\"1024\" height=\"682\" data-id=\"190\" src=\"http:\/\/www.midsummeropera.org.uk\/site\/wp-content\/uploads\/2019\/09\/l-miller-midsummer-040-1024x682.jpg\" alt=\"\" class=\"wp-image-190\" srcset=\"http:\/\/www.midsummeropera.org.uk\/site\/wp-content\/uploads\/2019\/09\/l-miller-midsummer-040-1024x682.jpg 1024w, http:\/\/www.midsummeropera.org.uk\/site\/wp-content\/uploads\/2019\/09\/l-miller-midsummer-040-300x200.jpg 300w, http:\/\/www.midsummeropera.org.uk\/site\/wp-content\/uploads\/2019\/09\/l-miller-midsummer-040-768x512.jpg 768w, http:\/\/www.midsummeropera.org.uk\/site\/wp-content\/uploads\/2019\/09\/l-miller-midsummer-040.jpg 1732w\" sizes=\"auto, (max-width: 1024px) 100vw, 1024px\" \/><\/figure>\n\n\n\n<figure class=\"wp-block-image size-large\"><img loading=\"lazy\" decoding=\"async\" width=\"1024\" height=\"683\" data-id=\"193\" src=\"http:\/\/www.midsummeropera.org.uk\/site\/wp-content\/uploads\/2019\/09\/macbeth-029-1024x683.jpg\" alt=\"\" class=\"wp-image-193\" srcset=\"http:\/\/www.midsummeropera.org.uk\/site\/wp-content\/uploads\/2019\/09\/macbeth-029-1024x683.jpg 1024w, http:\/\/www.midsummeropera.org.uk\/site\/wp-content\/uploads\/2019\/09\/macbeth-029-300x200.jpg 300w, http:\/\/www.midsummeropera.org.uk\/site\/wp-content\/uploads\/2019\/09\/macbeth-029-768x512.jpg 768w\" sizes=\"auto, (max-width: 1024px) 100vw, 1024px\" \/><\/figure>\n\n\n\n<figure class=\"wp-block-image size-large\"><img loading=\"lazy\" decoding=\"async\" width=\"683\" height=\"1024\" data-id=\"192\" src=\"http:\/\/www.midsummeropera.org.uk\/site\/wp-content\/uploads\/2019\/09\/macbeth-012-683x1024.jpg\" alt=\"\" class=\"wp-image-192\" srcset=\"http:\/\/www.midsummeropera.org.uk\/site\/wp-content\/uploads\/2019\/09\/macbeth-012-683x1024.jpg 683w, http:\/\/www.midsummeropera.org.uk\/site\/wp-content\/uploads\/2019\/09\/macbeth-012-200x300.jpg 200w, http:\/\/www.midsummeropera.org.uk\/site\/wp-content\/uploads\/2019\/09\/macbeth-012-768x1152.jpg 768w\" sizes=\"auto, (max-width: 683px) 100vw, 683px\" \/><\/figure>\n<\/figure>\n\n\n\n<p><\/p>\n","protected":false},"excerpt":{"rendered":"<p>CONCERTS&nbsp;&amp;&nbsp;OPERAS Artistic Director &amp; Conductor: David Roblou \/\/ Chorus Master: John Upperton Stage direction: Seasons 1-14 Alan Privett. Seasons 15-29 and 37-present John Upperton. Seasons 30-36 Lynne McAdam. 40th Season November 2025 Poulenc: La voix humaine Sophie Boyer Leoncavallo: Pagliacci John Upperton, Nicola Ihnatowicz, Nick Marsden, Ben Watkins, Paul Blundell 39th Season March 2025 Tchaikovsky: &#8230; <a title=\"PAST PERFORMANCES\" class=\"read-more\" href=\"http:\/\/www.midsummeropera.org.uk\/site\/past-performances\/\" aria-label=\"More on PAST PERFORMANCES\">Read more<\/a><\/p>\n","protected":false},"author":1,"featured_media":0,"parent":0,"menu_order":0,"comment_status":"closed","ping_status":"closed","template":"","meta":{"generate_page_header":"","footnotes":""},"class_list":["post-16","page","type-page","status-publish"],"_links":{"self":[{"href":"http:\/\/www.midsummeropera.org.uk\/site\/wp-json\/wp\/v2\/pages\/16","targetHints":{"allow":["GET"]}}],"collection":[{"href":"http:\/\/www.midsummeropera.org.uk\/site\/wp-json\/wp\/v2\/pages"}],"about":[{"href":"http:\/\/www.midsummeropera.org.uk\/site\/wp-json\/wp\/v2\/types\/page"}],"author":[{"embeddable":true,"href":"http:\/\/www.midsummeropera.org.uk\/site\/wp-json\/wp\/v2\/users\/1"}],"replies":[{"embeddable":true,"href":"http:\/\/www.midsummeropera.org.uk\/site\/wp-json\/wp\/v2\/comments?post=16"}],"version-history":[{"count":88,"href":"http:\/\/www.midsummeropera.org.uk\/site\/wp-json\/wp\/v2\/pages\/16\/revisions"}],"predecessor-version":[{"id":743,"href":"http:\/\/www.midsummeropera.org.uk\/site\/wp-json\/wp\/v2\/pages\/16\/revisions\/743"}],"wp:attachment":[{"href":"http:\/\/www.midsummeropera.org.uk\/site\/wp-json\/wp\/v2\/media?parent=16"}],"curies":[{"name":"wp","href":"https:\/\/api.w.org\/{rel}","templated":true}]}}